{"id":1518,"date":"2021-05-10T10:45:51","date_gmt":"2021-05-10T08:45:51","guid":{"rendered":"https:\/\/www.bbilgiardinetto.it\/bed-breakfast-il-giardinetto\/"},"modified":"2021-07-16T11:36:38","modified_gmt":"2021-07-16T09:36:38","slug":"bed-breakfast-il-giardinetto","status":"publish","type":"page","link":"https:\/\/www.bbilgiardinetto.com\/en\/bed-breakfast-il-giardinetto\/","title":{"rendered":"Bed &#038; Breakfast Il Giardinetto"},"content":{"rendered":"\n<div class=\"wp-block-getwid-section alignfull alignfull getwid-anim zoomIn getwid-margin-top-none getwid-margin-bottom-none\" data-wow-duration=\"1500ms\" data-wow-delay=\"200ms\"><div class=\"wp-block-getwid-section__wrapper getwid-padding-top-none getwid-padding-bottom-none getwid-padding-left-medium getwid-padding-right-medium getwid-padding-mobile-left-medium getwid-padding-mobile-right-medium\"><div class=\"wp-block-getwid-section__inner-wrapper\"><div class=\"wp-block-getwid-section__background-holder\"><div class=\"wp-block-getwid-section__background\"><\/div><div class=\"wp-block-getwid-section__foreground\"><\/div><\/div><div class=\"wp-block-getwid-section__content\"><div class=\"wp-block-getwid-section__inner-content\">\n<div class=\"wp-block-columns has-2-columns is-layout-flex wp-container-core-columns-is-layout-9d6595d7 wp-block-columns-is-layout-flex\">\n<div class=\"wp-block-column is-layout-flow wp-block-column-is-layout-flow\">\n<div class=\"wp-block-getwid-advanced-heading is-style-style-1 has-custom-font-size\" style=\"font-size:12px;margin-bottom:0px\"><p class=\"wp-block-getwid-advanced-heading__content\" style=\"text-transform:uppercase;letter-spacing:0.1em\">Al centro della citt\u00e0 con ampio giardino esterno<\/p><\/div>\n\n\n\n<div class=\"wp-block-getwid-advanced-heading is-style-default\" style=\"margin-top:10px\"><h2 class=\"wp-block-getwid-advanced-heading__content\">Benvenuti ad <strong>\"Il Giardinetto\"<\/strong><\/h2><\/div>\n<\/div>\n\n\n\n<div class=\"wp-block-column is-layout-flow wp-block-column-is-layout-flow\">\n<p>La struttura \u00e8 situata in pieno centro <strong>tra le vie pi\u00f9 importanti di Civitavecchia<\/strong>, \u00e8 possibile uscire a piedi e visitare moltissimi negozi, il Centro Storico (Ghetto) pieno di storia e ora rinomato per i locali Enogastronomici dove gustare un aperitivo e scegliere tra i molti ristoranti presenti.<\/p>\n\n\n\n<p>Ad <em>Il Giardinetto<\/em> \u00e8 possibile anche usufruire del <strong>giardino esterno<\/strong> ad uso esclusivo dei clienti dove rilassarsi tra i fiori e le piante da frutto, <strong>un vero paradiso naturale al centro di Civitavecchia<\/strong>.<\/p>\n<\/div>\n<\/div>\n<\/div><\/div><\/div><\/div><\/div>\n\n\n\n<div class=\"wp-block-getwid-section alignfull alignfull getwid-anim zoomIn getwid-margin-top-none getwid-margin-bottom-none\" data-wow-duration=\"1500ms\" data-wow-delay=\"200ms\"><div class=\"wp-block-getwid-section__wrapper getwid-padding-top-normal getwid-padding-bottom-normal getwid-padding-left-medium getwid-padding-right-medium getwid-padding-mobile-left-small getwid-padding-mobile-right-small\"><div class=\"wp-block-getwid-section__inner-wrapper\"><div class=\"wp-block-getwid-section__background-holder\"><div class=\"wp-block-getwid-section__background\"><\/div><div class=\"wp-block-getwid-section__foreground\"><\/div><\/div><div class=\"wp-block-getwid-section__content\"><div class=\"wp-block-getwid-section__inner-content\">\n<div class=\"wp-block-columns has-2-columns is-layout-flex wp-container-core-columns-is-layout-9d6595d7 wp-block-columns-is-layout-flex\">\n<div class=\"wp-block-column is-layout-flow wp-block-column-is-layout-flow\">\n<figure class=\"wp-block-image size-large\"><img fetchpriority=\"high\" decoding=\"async\" width=\"1024\" height=\"768\" src=\"https:\/\/www.bbilgiardinetto.com\/wp-content\/uploads\/2021\/05\/bed-breakfast-il-giardinetto-civitavecchia-area-colazione.jpg\" alt=\"\" class=\"wp-image-1520\" srcset=\"https:\/\/www.bbilgiardinetto.com\/wp-content\/uploads\/2021\/05\/bed-breakfast-il-giardinetto-civitavecchia-area-colazione.jpg 1024w, https:\/\/www.bbilgiardinetto.com\/wp-content\/uploads\/2021\/05\/bed-breakfast-il-giardinetto-civitavecchia-area-colazione-300x225.jpg 300w, https:\/\/www.bbilgiardinetto.com\/wp-content\/uploads\/2021\/05\/bed-breakfast-il-giardinetto-civitavecchia-area-colazione-768x576.jpg 768w\" sizes=\"(max-width: 1024px) 100vw, 1024px\" \/><\/figure>\n<\/div>\n\n\n\n<div class=\"wp-block-column is-layout-flow wp-block-column-is-layout-flow\">\n<figure class=\"wp-block-image size-full\"><img decoding=\"async\" width=\"1024\" height=\"768\" src=\"https:\/\/www.bbilgiardinetto.com\/wp-content\/uploads\/2021\/04\/88245158.jpeg\" alt=\"\" class=\"wp-image-1522\" srcset=\"https:\/\/www.bbilgiardinetto.com\/wp-content\/uploads\/2021\/04\/88245158.jpeg 1024w, https:\/\/www.bbilgiardinetto.com\/wp-content\/uploads\/2021\/04\/88245158-300x225.jpeg 300w, https:\/\/www.bbilgiardinetto.com\/wp-content\/uploads\/2021\/04\/88245158-768x576.jpeg 768w\" sizes=\"(max-width: 1024px) 100vw, 1024px\" \/><\/figure>\n<\/div>\n<\/div>\n\n\n\n<hr class=\"wp-block-separator is-style-wide\"\/>\n<\/div><\/div><\/div><\/div><\/div>\n\n\n\n<div class=\"wp-block-getwid-section alignfull alignfull getwid-anim zoomIn getwid-margin-top-none getwid-margin-bottom-none\" data-wow-duration=\"1500ms\" data-wow-delay=\"200ms\"><div class=\"wp-block-getwid-section__wrapper getwid-padding-top-none getwid-padding-bottom-none getwid-padding-left-medium getwid-padding-right-medium getwid-padding-mobile-left-medium getwid-padding-mobile-right-medium getwid-align-items-flex-end\"><div class=\"wp-block-getwid-section__inner-wrapper\"><div class=\"wp-block-getwid-section__background-holder\"><div class=\"wp-block-getwid-section__background\"><\/div><div class=\"wp-block-getwid-section__foreground\"><\/div><\/div><div class=\"wp-block-getwid-section__content\"><div class=\"wp-block-getwid-section__inner-content\">\n<div class=\"wp-block-columns has-2-columns is-layout-flex wp-container-core-columns-is-layout-9d6595d7 wp-block-columns-is-layout-flex\">\n<div class=\"wp-block-column is-layout-flow wp-block-column-is-layout-flow\">\n<div class=\"wp-block-getwid-advanced-heading is-style-style-1 has-custom-font-size\" style=\"font-size:12px;margin-bottom:0px\"><p class=\"wp-block-getwid-advanced-heading__content\" style=\"letter-spacing:0.1em\">POSIZIONE STRATEGICA<\/p><\/div>\n\n\n\n<div class=\"wp-block-getwid-advanced-heading is-style-default\" style=\"margin-top:10px\"><h2 class=\"wp-block-getwid-advanced-heading__content\">Ad un passo da <strong>Roma<\/strong><\/h2><\/div>\n<\/div>\n\n\n\n<div class=\"wp-block-column is-layout-flow wp-block-column-is-layout-flow\">\n<p>Il Giardinetto vanta di una posizione strategica per chi vuole dormire a Civitavecchia o soggiornare pi\u00f9 notti in citt\u00e0.<br>Dal Bed &amp; Breakfast \u00e8 possibile raggiungere <strong>tutti i principali luoghi di interesse<\/strong>, come il Porto, la Stazione Ferroviaria, gli Aeroporti Internazionali di Fiumicino o Ciampino.<br><strong>Roma<\/strong> dista circa 70km facilmente <strong>raggiungibile<\/strong> sia con <strong>l'auto<\/strong> che con i <strong>mezzi pubblici<\/strong>, inoltre collaboriamo con moltissimi Tour Operator che danno la possibilit\u00e0 di fare Tour di Roma partendo da Civitavecchia in modo esclusivo o con massimo 6 passeggeri. <\/p>\n<\/div>\n<\/div>\n<\/div><\/div><\/div><\/div><\/div>\n\n\n\n<div class=\"wp-block-getwid-section alignfull alignfull getwid-anim zoomIn getwid-section-content-custom-width\" data-wow-duration=\"1500ms\" data-wow-delay=\"400ms\"><div class=\"wp-block-getwid-section__wrapper getwid-padding-top-large getwid-padding-bottom-small getwid-padding-mobile-left-small getwid-padding-mobile-right-small\"><div class=\"wp-block-getwid-section__inner-wrapper\"><div class=\"wp-block-getwid-section__background-holder\"><div class=\"wp-block-getwid-section__background\"><\/div><div class=\"wp-block-getwid-section__foreground\"><\/div><\/div><div class=\"wp-block-getwid-section__content\"><div class=\"wp-block-getwid-section__inner-content\">\n<div class=\"wp-block-columns is-layout-flex wp-container-core-columns-is-layout-9d6595d7 wp-block-columns-is-layout-flex\">\n<div class=\"wp-block-column is-layout-flow wp-block-column-is-layout-flow\">\n<div class=\"wp-block-getwid-icon-box has-text-center\"><div class=\"wp-block-getwid-icon-box__icon-container is-position-top\"><div class=\"wp-block-getwid-icon-box__icon-wrapper has-text-color\" style=\"font-size:36px;padding:0px;color:#7cba3b\"><i class=\"fas fa-city\"><\/i><\/div><\/div><div class=\"wp-block-getwid-icon-box__content\">\n<div class=\"wp-block-getwid-advanced-heading\"><h3 class=\"wp-block-getwid-advanced-heading__content\">Roma<\/h3><\/div>\n\n\n\n<p>Roma \u00e8 raggiungibile facilmente in auto o con i mezzi di trasporto. Dista circa <strong>50 minuti<\/strong> in auto e <strong>meno di un Ora<\/strong> con il Treno.<br>Offriamo in alternativa il <strong>Servizio Tour con Guida.<\/strong><\/p>\n<\/div><\/div>\n<\/div>\n\n\n\n<div class=\"wp-block-column is-layout-flow wp-block-column-is-layout-flow\">\n<div class=\"wp-block-getwid-icon-box has-text-center\"><div class=\"wp-block-getwid-icon-box__icon-container is-position-top\"><div class=\"wp-block-getwid-icon-box__icon-wrapper has-text-color\" style=\"font-size:36px;padding:0px;color:#7cba3b\"><i class=\"fas fa-train\"><\/i><\/div><\/div><div class=\"wp-block-getwid-icon-box__content\">\n<div class=\"wp-block-getwid-advanced-heading\"><h3 class=\"wp-block-getwid-advanced-heading__content\">Stazione Ferroviaria<\/h3><\/div>\n\n\n\n<p>La Stazione Ferroviaria \u00e8 raggiungibile facilmente a piedi (circa 7 minuti) per direzione <strong>Roma<\/strong> o <strong>Grosseto<\/strong>.<\/p>\n<\/div><\/div>\n<\/div>\n\n\n\n<div class=\"wp-block-column is-layout-flow wp-block-column-is-layout-flow\">\n<div class=\"wp-block-getwid-icon-box has-text-center\"><div class=\"wp-block-getwid-icon-box__icon-container is-position-top\"><div class=\"wp-block-getwid-icon-box__icon-wrapper has-text-color\" style=\"font-size:36px;padding:0px;color:#7cba3b\"><i class=\"fas fa-ship\"><\/i><\/div><\/div><div class=\"wp-block-getwid-icon-box__content\">\n<div class=\"wp-block-getwid-advanced-heading\"><h3 class=\"wp-block-getwid-advanced-heading__content\">Porto Civitavecchia<\/h3><\/div>\n\n\n\n<p>L'ingresso del Porto dista <strong>meno di 10 minuti<\/strong> a piedi, passando direttamente nel centro storico della citt\u00e0.<br>Offriamo in alternativa il <strong>Servizio Transfers<\/strong> fino all'imbarco della nave.<\/p>\n<\/div><\/div>\n<\/div>\n<\/div>\n<\/div><\/div><\/div><\/div><\/div>\n\n\n\n<div class=\"wp-block-getwid-section alignfull alignfull getwid-anim zoomIn\" data-wow-duration=\"1500ms\" data-wow-delay=\"500ms\"><div class=\"wp-block-getwid-section__wrapper getwid-padding-mobile-left-small getwid-padding-mobile-right-small\"><div class=\"wp-block-getwid-section__inner-wrapper\"><div class=\"wp-block-getwid-section__background-holder\"><div class=\"wp-block-getwid-section__background\"><\/div><div class=\"wp-block-getwid-section__foreground\"><\/div><\/div><div class=\"wp-block-getwid-section__content\"><div class=\"wp-block-getwid-section__inner-content\">\n<div class=\"wp-block-columns is-layout-flex wp-container-core-columns-is-layout-9d6595d7 wp-block-columns-is-layout-flex\">\n<div class=\"wp-block-column is-layout-flow wp-block-column-is-layout-flow\">\n<div class=\"wp-block-getwid-icon-box has-text-center\"><div class=\"wp-block-getwid-icon-box__icon-container is-position-top\"><div class=\"wp-block-getwid-icon-box__icon-wrapper has-text-color\" style=\"font-size:36px;padding:0px;color:#7cba3b\"><i class=\"fas fa-plane\"><\/i><\/div><\/div><div class=\"wp-block-getwid-icon-box__content\">\n<div class=\"wp-block-getwid-advanced-heading\"><h3 class=\"wp-block-getwid-advanced-heading__content\">Aeroporto Fiumicino<\/h3><\/div>\n\n\n\n<p>L'Aeroporto Internazionale di Fiumicino \u00e8 raggiungibile sia in auto che con i mezzi pubblici in circa <strong>30 minuti<\/strong>.<br>Offriamo in alternativa il <strong>Servizio Transfers.<\/strong><\/p>\n<\/div><\/div>\n<\/div>\n\n\n\n<div class=\"wp-block-column is-layout-flow wp-block-column-is-layout-flow\">\n<div class=\"wp-block-getwid-icon-box has-text-center\"><div class=\"wp-block-getwid-icon-box__icon-container is-position-top\"><div class=\"wp-block-getwid-icon-box__icon-wrapper has-text-color\" style=\"font-size:36px;padding:0px;color:#7cba3b\"><i class=\"fas fa-plane\"><\/i><\/div><\/div><div class=\"wp-block-getwid-icon-box__content\">\n<div class=\"wp-block-getwid-advanced-heading\"><h3 class=\"wp-block-getwid-advanced-heading__content\">Aeroporto Ciampino<\/h3><\/div>\n\n\n\n<p>L'Aeroporto Internazionale di Ciampino consigliamo di raggiungerlo in auto e dista <strong>circa 60 minuti<\/strong>.<br>Offriamo in alternativa il <strong>Servizio Transfers.<\/strong><\/p>\n<\/div><\/div>\n<\/div>\n\n\n\n<div class=\"wp-block-column is-layout-flow wp-block-column-is-layout-flow\">\n<div class=\"wp-block-getwid-icon-box has-text-center\"><div class=\"wp-block-getwid-icon-box__icon-container is-position-top\"><div class=\"wp-block-getwid-icon-box__icon-wrapper has-text-color\" style=\"font-size:36px;padding:0px;color:#7cba3b\"><i class=\"fas fa-stethoscope\"><\/i><\/div><\/div><div class=\"wp-block-getwid-icon-box__content\">\n<div class=\"wp-block-getwid-advanced-heading\"><h3 class=\"wp-block-getwid-advanced-heading__content\">Strutture Ospedaliere<\/h3><\/div>\n\n\n\n<p>Le camere posizionate in posizione centrale si trovano vicinissime alle principali strutture ospedaliere come l'<strong>Ospedale San Paolo<\/strong> o la <strong>Clinica di Siligato<\/strong>.<\/p>\n<\/div><\/div>\n<\/div>\n<\/div>\n\n\n\n<div style=\"height:100px\" aria-hidden=\"true\" class=\"wp-block-spacer\"><\/div>\n<\/div><\/div><\/div><\/div><\/div>\n\n\n\n<div class=\"wp-block-getwid-section alignfull getwid-section-content-full-width\"><div class=\"wp-block-getwid-section__wrapper\" style=\"padding-top:30vh;padding-bottom:30vh\"><div class=\"wp-block-getwid-section__inner-wrapper\"><div class=\"wp-block-getwid-section__background-holder\"><div class=\"wp-block-getwid-section__background\" style=\"background-image:url('https:\/\/www.bbilgiardinetto.com\/wp-content\/uploads\/2021\/04\/bed-breakfast-il-giardinetto-civitavecchia-particolare-castel-gandolfo-roma.jpg');background-position:top center;background-attachment:fixed\"><div class=\"wp-block-getwid-section__background-image-wrapper\"><img decoding=\"async\" class=\"wp-block-getwid-section__background-image\" src=\"https:\/\/www.bbilgiardinetto.com\/wp-content\/uploads\/2021\/04\/bed-breakfast-il-giardinetto-civitavecchia-particolare-castel-gandolfo-roma.jpg\" alt=\"\"\/><\/div><\/div><div class=\"wp-block-getwid-section__foreground\"><\/div><\/div><div class=\"wp-block-getwid-section__content\"><div class=\"wp-block-getwid-section__inner-content\"><\/div><\/div><\/div><\/div><\/div>\n\n\n\n<div class=\"wp-block-getwid-section alignfull alignfull getwid-anim zoomIn getwid-margin-top-none getwid-margin-bottom-none\" data-wow-duration=\"1500ms\" data-wow-delay=\"200ms\"><div class=\"wp-block-getwid-section__wrapper getwid-padding-top-large getwid-padding-bottom-none getwid-padding-left-medium getwid-padding-right-medium getwid-padding-mobile-left-medium getwid-padding-mobile-right-medium\"><div class=\"wp-block-getwid-section__inner-wrapper\"><div class=\"wp-block-getwid-section__background-holder\"><div class=\"wp-block-getwid-section__background\"><\/div><div class=\"wp-block-getwid-section__foreground\"><\/div><\/div><div class=\"wp-block-getwid-section__content\"><div class=\"wp-block-getwid-section__inner-content\">\n<div class=\"wp-block-columns has-2-columns is-layout-flex wp-container-core-columns-is-layout-9d6595d7 wp-block-columns-is-layout-flex\">\n<div class=\"wp-block-column is-layout-flow wp-block-column-is-layout-flow\">\n<div class=\"wp-block-getwid-advanced-heading is-style-style-1 has-custom-font-size\" style=\"font-size:12px;margin-bottom:0px\"><p class=\"wp-block-getwid-advanced-heading__content\" style=\"text-transform:uppercase;letter-spacing:0.1em\">Scopri i nostri alloggi<\/p><\/div>\n\n\n\n<div class=\"wp-block-getwid-advanced-heading is-style-default\" style=\"margin-top:10px\"><h2 class=\"wp-block-getwid-advanced-heading__content\">Le Nostre <strong>Camere<\/strong><\/h2><\/div>\n\n\n\n<div class=\"wp-block-getwid-section\"><div class=\"wp-block-getwid-section__wrapper\"><div class=\"wp-block-getwid-section__inner-wrapper\"><div class=\"wp-block-getwid-section__background-holder\"><div class=\"wp-block-getwid-section__background\"><\/div><div class=\"wp-block-getwid-section__foreground\"><\/div><\/div><div class=\"wp-block-getwid-section__content\"><div class=\"wp-block-getwid-section__inner-content\"><\/div><\/div><\/div><\/div><\/div>\n<\/div>\n\n\n\n<div class=\"wp-block-column is-layout-flow wp-block-column-is-layout-flow\">\n<p>Il Bed e Breakfast <em>Il Giardinetto<\/em> possiede <strong>3 camere da letto<\/strong> e un'area comune dove poter usufruire della colazione.<\/p>\n\n\n\n<p><strong>Due camere matrimoniali<\/strong> e <strong>una camera singola<\/strong> caratterizzano questo luogo tranquillo e silenzioso ma centralissimo e ben collegato, adatto principalmente a coppie e a piccole famiglie.<\/p>\n\n\n\n<p>Le camere, spaziose e curate nei particolari, sono dotate di tutti comfort, la <strong>biancheria<\/strong> e le <strong>lenzuola<\/strong> sono sempre <strong>sanificate<\/strong> secondo norme vigenti. <\/p>\n<\/div>\n<\/div>\n\n\n\n<div style=\"height:75px\" aria-hidden=\"true\" class=\"wp-block-spacer\"><\/div>\n<\/div><\/div><\/div><\/div><\/div>\n\n\n\n<div class=\"wp-block-getwid-section alignfull alignwide alignwide getwid-anim zoomIn getwid-section-content-custom-width\" data-wow-duration=\"1500ms\" data-wow-delay=\"200ms\"><div class=\"wp-block-getwid-section__wrapper getwid-padding-left-medium getwid-padding-right-medium\"><div class=\"wp-block-getwid-section__inner-wrapper\" style=\"max-width:1123px\"><div class=\"wp-block-getwid-section__background-holder\"><div class=\"wp-block-getwid-section__background\"><\/div><div class=\"wp-block-getwid-section__foreground\"><\/div><\/div><div class=\"wp-block-getwid-section__content\"><div class=\"wp-block-getwid-section__inner-content\">\n<div class=\"wp-block-getwid-advanced-heading\" style=\"margin-bottom:30px;margin-top:10px\"><h2 class=\"wp-block-getwid-advanced-heading__content\" style=\"text-align:center\">Perch\u00e8 Sceglierci<\/h2><\/div>\n\n\n\n<div class=\"wp-block-getwid-advanced-heading\" style=\"margin-bottom:30px;margin-top:10px\"><h4 class=\"wp-block-getwid-advanced-heading__content\" style=\"text-align:center\">I clienti solitamente ci scelgono per questi motivi<\/h4><\/div>\n\n\n\n<div class=\"wp-block-getwid-advanced-spacer\" style=\"height:40px\" aria-hidden=\"true\"><\/div>\n\n\n\n<div class=\"wp-block-columns has-3-columns is-layout-flex wp-container-core-columns-is-layout-9d6595d7 wp-block-columns-is-layout-flex\">\n<div class=\"wp-block-column is-layout-flow wp-block-column-is-layout-flow\">\n<div class=\"wp-block-getwid-icon-box has-text-center\"><div class=\"wp-block-getwid-icon-box__icon-container is-position-top\"><div class=\"wp-block-getwid-icon-box__icon-wrapper has-text-color\" style=\"font-size:36px;padding:0px;color:#7cba3b\"><i class=\"far fa-bell\"><\/i><\/div><\/div><div class=\"wp-block-getwid-icon-box__content\">\n<div class=\"wp-block-getwid-advanced-heading\"><h3 class=\"wp-block-getwid-advanced-heading__content\">Camere Silenziose<\/h3><\/div>\n\n\n\n<p>La maggior parte delle camere affaccia sul giardino esterno privato accessibile solo ai clienti lontano da rumori della citt\u00e0.<\/p>\n<\/div><\/div>\n<\/div>\n\n\n\n<div class=\"wp-block-column is-layout-flow wp-block-column-is-layout-flow\">\n<div class=\"wp-block-getwid-icon-box has-text-center\"><div class=\"wp-block-getwid-icon-box__icon-container is-position-top\"><div class=\"wp-block-getwid-icon-box__icon-wrapper has-text-color\" style=\"font-size:36px;padding:0px;color:#7cba3b\"><i class=\"fas fa-map-marker-alt\"><\/i><\/div><\/div><div class=\"wp-block-getwid-icon-box__content\">\n<div class=\"wp-block-getwid-advanced-heading\"><h3 class=\"wp-block-getwid-advanced-heading__content\">Zona Centrale<\/h3><\/div>\n\n\n\n<p>A piedi \u00e8 facile raggiungere tutti i servizi principali di Civitavecchia, a pochi passi ci sono Ristornati, Bar, Negozi e Attivit\u00e0 commerciali<\/p>\n<\/div><\/div>\n<\/div>\n\n\n\n<div class=\"wp-block-column is-layout-flow wp-block-column-is-layout-flow\">\n<div class=\"wp-block-getwid-icon-box has-text-center\"><div class=\"wp-block-getwid-icon-box__icon-container is-position-top\"><div class=\"wp-block-getwid-icon-box__icon-wrapper has-text-color\" style=\"font-size:36px;padding:0px;color:#7cba3b\"><i class=\"fas fa-tree\"><\/i><\/div><\/div><div class=\"wp-block-getwid-icon-box__content\">\n<div class=\"wp-block-getwid-advanced-heading\"><h3 class=\"wp-block-getwid-advanced-heading__content\">Area Esterna<\/h3><\/div>\n\n\n\n<p>Il giardino esterno ad uso esclusivo dei clienti permette di godere di una area dove rilassarsi, prendere il sole o fare un aperitivo<\/p>\n<\/div><\/div>\n<\/div>\n<\/div>\n\n\n\n<div style=\"height:28px\" aria-hidden=\"true\" class=\"wp-block-spacer\"><\/div>\n<\/div><\/div><\/div><\/div><\/div>\n\n\n\n<div class=\"wp-block-getwid-section alignfull alignfull getwid-anim zoomIn getwid-margin-top-none getwid-margin-bottom-none\" data-wow-duration=\"1500ms\" data-wow-delay=\"200ms\"><div class=\"wp-block-getwid-section__wrapper getwid-padding-top-none getwid-padding-bottom-none getwid-padding-left-medium getwid-padding-right-medium getwid-padding-mobile-left-small getwid-padding-mobile-right-small\"><div class=\"wp-block-getwid-section__inner-wrapper\"><div class=\"wp-block-getwid-section__background-holder\"><div class=\"wp-block-getwid-section__background\"><\/div><div class=\"wp-block-getwid-section__foreground\"><\/div><\/div><div class=\"wp-block-getwid-section__content\"><div class=\"wp-block-getwid-section__inner-content\"><div class=\"mphb_sc_rooms-wrapper mphb-room-types is-style-style-3\">\t<div class=\"mphb-room-types-wrapper\">\n\t\n<div class=\"mphb-room-type post-1675 mphb_room_type type-mphb_room_type status-publish has-post-thumbnail mphb_room_type_category-double-room mphb_room_type_category-double-bedroom mphb_ra_1361-external-bathroom mphb_ra_letto-aggiuntivo-yes mphb-room-type-adults-2 mphb-room-type-children-1 has-taxes-and-fees\">\n\n                <div class=\"room-images-wrapper\">\n            \n\n\t<div class=\"mphb-room-type-images\">\n\t<div id='mphb-flexslider-gallery-1' class='gallery-columns-1 gallery-size-luviana-square mphb-gallery-main-slider mphb-flexslider-gallery-wrapper mphb-room-type-gallery-wrapper mphb-gallery-main-slider-69eefeec09a90' data-flexslider-atts='{\"animation\":\"slide\",\"controlNav\":false,\"animationLoop\":true,\"smoothHeight\":true,\"slideshow\":false}' data-group='69eefeec09a90'><ul class=\"slides\"><li class='gallery-item'><span class='gallery-icon landscape'>\n\t\t\t\t<a href=\"https:\/\/www.bbilgiardinetto.com\/en\/accommodation\/double-twin-room-with-private-external-bathroom\/\"><img decoding=\"async\" width=\"992\" height=\"992\" src=\"https:\/\/www.bbilgiardinetto.com\/wp-content\/uploads\/2019\/06\/bed-breakfast-il-giardinetto-civitavecchia-matrimoniale-doppio-singolo-992x992.jpg\" class=\"attachment-luviana-square size-luviana-square\" alt=\"\" srcset=\"https:\/\/www.bbilgiardinetto.com\/wp-content\/uploads\/2019\/06\/bed-breakfast-il-giardinetto-civitavecchia-matrimoniale-doppio-singolo-992x992.jpg 992w, https:\/\/www.bbilgiardinetto.com\/wp-content\/uploads\/2019\/06\/bed-breakfast-il-giardinetto-civitavecchia-matrimoniale-doppio-singolo-150x150.jpg 150w\" sizes=\"(max-width: 992px) 100vw, 992px\" \/><\/a>\n\t\t\t<\/span><\/li><li class='gallery-item'><span class='gallery-icon portrait'>\n\t\t\t\t<a href=\"https:\/\/www.bbilgiardinetto.com\/en\/accommodation\/double-twin-room-with-private-external-bathroom\/\"><img loading=\"lazy\" decoding=\"async\" width=\"992\" height=\"992\" src=\"https:\/\/www.bbilgiardinetto.com\/wp-content\/uploads\/2019\/06\/bed-breakfast-il-giardinetto-civitavecchia-matrimoniale-doppia-bagno-esterno-1-992x992.jpg\" class=\"attachment-luviana-square size-luviana-square\" alt=\"\" srcset=\"https:\/\/www.bbilgiardinetto.com\/wp-content\/uploads\/2019\/06\/bed-breakfast-il-giardinetto-civitavecchia-matrimoniale-doppia-bagno-esterno-1-992x992.jpg 992w, https:\/\/www.bbilgiardinetto.com\/wp-content\/uploads\/2019\/06\/bed-breakfast-il-giardinetto-civitavecchia-matrimoniale-doppia-bagno-esterno-1-150x150.jpg 150w\" sizes=\"(max-width: 992px) 100vw, 992px\" \/><\/a>\n\t\t\t<\/span><\/li><li class='gallery-item'><span class='gallery-icon portrait'>\n\t\t\t\t<a href=\"https:\/\/www.bbilgiardinetto.com\/en\/accommodation\/double-twin-room-with-private-external-bathroom\/\"><img loading=\"lazy\" decoding=\"async\" width=\"992\" height=\"992\" src=\"https:\/\/www.bbilgiardinetto.com\/wp-content\/uploads\/2019\/06\/bed-breakfast-il-giardinetto-civitavecchia-matrimoniale-doppia-bagno-esterno-992x992.jpg\" class=\"attachment-luviana-square size-luviana-square\" alt=\"\" srcset=\"https:\/\/www.bbilgiardinetto.com\/wp-content\/uploads\/2019\/06\/bed-breakfast-il-giardinetto-civitavecchia-matrimoniale-doppia-bagno-esterno-992x992.jpg 992w, https:\/\/www.bbilgiardinetto.com\/wp-content\/uploads\/2019\/06\/bed-breakfast-il-giardinetto-civitavecchia-matrimoniale-doppia-bagno-esterno-150x150.jpg 150w\" sizes=\"(max-width: 992px) 100vw, 992px\" \/><\/a>\n\t\t\t<\/span><\/li><li class='gallery-item'><span class='gallery-icon landscape'>\n\t\t\t\t<a href=\"https:\/\/www.bbilgiardinetto.com\/en\/accommodation\/double-twin-room-with-private-external-bathroom\/\"><img loading=\"lazy\" decoding=\"async\" width=\"800\" height=\"600\" src=\"https:\/\/www.bbilgiardinetto.com\/wp-content\/uploads\/2019\/06\/bed-breakfast-il-giardinetto-civitavecchia-matrimoniale-doppia-bagno-esterno-2.jpg\" class=\"attachment-luviana-square size-luviana-square\" alt=\"\" srcset=\"https:\/\/www.bbilgiardinetto.com\/wp-content\/uploads\/2019\/06\/bed-breakfast-il-giardinetto-civitavecchia-matrimoniale-doppia-bagno-esterno-2.jpg 800w, https:\/\/www.bbilgiardinetto.com\/wp-content\/uploads\/2019\/06\/bed-breakfast-il-giardinetto-civitavecchia-matrimoniale-doppia-bagno-esterno-2-300x225.jpg 300w, https:\/\/www.bbilgiardinetto.com\/wp-content\/uploads\/2019\/06\/bed-breakfast-il-giardinetto-civitavecchia-matrimoniale-doppia-bagno-esterno-2-768x576.jpg 768w\" sizes=\"(max-width: 800px) 100vw, 800px\" \/><\/a>\n\t\t\t<\/span><\/li><\/ul>\n\t\t<\/div>\n\n\t<\/div>\n\t        <\/div>\n                <div class=\"room-description-wrapper\">\n            <div class=\"room-description-inner-wrapper\">\n                                    <div class=\"room-details\">\n                        \n<h2 class=\"mphb-room-type-title entry-title\">\n\n<a class=\"mphb-room-type-title\" href=\"https:\/\/www.bbilgiardinetto.com\/en\/accommodation\/double-twin-room-with-private-external-bathroom\/\">Double \/ Twin Room with private external bathroom<\/a>\n\n<\/h2>\n\n<p>Matrimoniale \/ Doppia con letti singoli e bagno privato esterno<\/p>\n\n\n<h3 class=\"mphb-room-type-details-title\">Details<\/h3><ul class=\"mphb-loop-room-type-attributes\">\n\t<li class=\"mphb-room-type-total-capacity\"><span class=\"mphb-attribute-title mphb-total-capacity-title\">Guests:<\/span><span class=\"mphb-attribute-value\">\n\t3\n\t<\/span><\/li>\t\n\n\n\n\n\t<li class=\"mphb-room-type-view\"><span class=\"mphb-attribute-title mphb-view-title\">View:<\/span><span class=\"mphb-attribute-value\">\n\tGiardino\n\t<\/span><\/li>\n\t\n\n\n\t<li class=\"mphb-room-type-size\"><span class=\"mphb-attribute-title mphb-size-title\">Size:<\/span><span class=\"mphb-attribute-value\">\n\t18m\u00b2\n\t<\/span><\/li>\n\t\n\n\t<li class=\"mphb-room-type-bed-type\"><span  class=\"mphb-attribute-title mphb-bed-type-title\">Bed Type:<\/span><span class=\"mphb-attribute-value\">\n\tLetto matrimoniale, Doppio singolo\n\t<\/span><\/li>\n\t\n\n\t<li class=\"mphb-room-type-categories\"><span class=\"mphb-attribute-title mphb-categories-title\">Categories:<\/span><span class=\"mphb-attribute-value\"> <span class=\"category-double-room\"><a href=\"https:\/\/www.bbilgiardinetto.com\/en\/accommodation-category\/double-room\/\">Double<\/a><\/span>, <span class=\"category-double-bedroom\"><a href=\"https:\/\/www.bbilgiardinetto.com\/en\/accommodation-category\/double-bedroom\/\">Double Bedroom<\/a><\/span><\/span><\/li>\n\t\n<li class=\"mphb-room-type-1361 mphb-room-type-custom-attribute\"><span class=\"mphb-attribute-title mphb-1361-title\">Bathroom type:<\/span><span class=\"mphb-attribute-value\"> <span class=\"1361-external-bathroom\"><a href=\"https:\/\/www.bbilgiardinetto.com\/en\/1361\/external-bathroom\/\">External bathroom<\/a><\/span><\/span><\/li><li class=\"mphb-room-type-letto-aggiuntivo mphb-room-type-custom-attribute\"><span class=\"mphb-attribute-title mphb-letto-aggiuntivo-title\">Additional bed:<\/span><span class=\"mphb-attribute-value\"> <span class=\"letto-aggiuntivo-yes\"><a href=\"https:\/\/www.bbilgiardinetto.com\/en\/letto-aggiuntivo\/yes\/\">Yes<\/a><\/span><\/span><\/li>\n<\/ul>                    <\/div>\n                                    <div class=\"room-booking-details\">\n                        \n\n<div class=\"mphb-to-book-btn-wrapper\">\n<form action=\"https:\/\/www.bbilgiardinetto.com\/en\/accommodation\/double-twin-room-with-private-external-bathroom\/#booking-form-1675\" method=\"get\" ><button type=\"submit\" class=\"button mphb-book-button\" >Book<\/button><\/form>\n<br\/><\/div>\n<p class=\"mphb-view-details-button-wrapper\">\n<a class=\"button mphb-view-details-button\" href=\"https:\/\/www.bbilgiardinetto.com\/en\/accommodation\/double-twin-room-with-private-external-bathroom\/\" >View Details<\/a>\n<\/p>                    <\/div>\n                            <\/div>\n        <\/div>\n    \n    \n<\/div>\n\n\n<div class=\"mphb-room-type post-1690 mphb_room_type type-mphb_room_type status-publish has-post-thumbnail mphb_room_type_category-single-room mphb_ra_1361-bathroom-in-the-room mphb_ra_letto-aggiuntivo-no-en mphb-room-type-adults-1 mphb-room-type-children-0 has-taxes-and-fees\">\n\n                <div class=\"room-images-wrapper\">\n            \n\n\t<div class=\"mphb-room-type-images\">\n\t<div id='mphb-flexslider-gallery-2' class='gallery-columns-1 gallery-size-luviana-square mphb-gallery-main-slider mphb-flexslider-gallery-wrapper mphb-room-type-gallery-wrapper mphb-gallery-main-slider-69eefeec11732' data-flexslider-atts='{\"animation\":\"slide\",\"controlNav\":false,\"animationLoop\":true,\"smoothHeight\":true,\"slideshow\":false}' data-group='69eefeec11732'><ul class=\"slides\"><li class='gallery-item'><span class='gallery-icon landscape'>\n\t\t\t\t<a href=\"https:\/\/www.bbilgiardinetto.com\/en\/accommodation\/single-with-private-bathroom\/\"><img loading=\"lazy\" decoding=\"async\" width=\"992\" height=\"992\" src=\"https:\/\/www.bbilgiardinetto.com\/wp-content\/uploads\/2019\/06\/bed-breakfast-il-giardinetto-civitavecchia-singola-992x992.jpg\" class=\"attachment-luviana-square size-luviana-square\" alt=\"\" srcset=\"https:\/\/www.bbilgiardinetto.com\/wp-content\/uploads\/2019\/06\/bed-breakfast-il-giardinetto-civitavecchia-singola-992x992.jpg 992w, https:\/\/www.bbilgiardinetto.com\/wp-content\/uploads\/2019\/06\/bed-breakfast-il-giardinetto-civitavecchia-singola-150x150.jpg 150w\" sizes=\"(max-width: 992px) 100vw, 992px\" \/><\/a>\n\t\t\t<\/span><\/li><li class='gallery-item'><span class='gallery-icon portrait'>\n\t\t\t\t<a href=\"https:\/\/www.bbilgiardinetto.com\/en\/accommodation\/single-with-private-bathroom\/\"><img loading=\"lazy\" decoding=\"async\" width=\"992\" height=\"992\" src=\"https:\/\/www.bbilgiardinetto.com\/wp-content\/uploads\/2019\/06\/bed-breakfast-il-giardinetto-civitavecchia-singola-bagno-992x992.jpg\" class=\"attachment-luviana-square size-luviana-square\" alt=\"\" srcset=\"https:\/\/www.bbilgiardinetto.com\/wp-content\/uploads\/2019\/06\/bed-breakfast-il-giardinetto-civitavecchia-singola-bagno-992x992.jpg 992w, https:\/\/www.bbilgiardinetto.com\/wp-content\/uploads\/2019\/06\/bed-breakfast-il-giardinetto-civitavecchia-singola-bagno-150x150.jpg 150w\" sizes=\"(max-width: 992px) 100vw, 992px\" \/><\/a>\n\t\t\t<\/span><\/li><\/ul>\n\t\t<\/div>\n\n\t<\/div>\n\t        <\/div>\n                <div class=\"room-description-wrapper\">\n            <div class=\"room-description-inner-wrapper\">\n                                    <div class=\"room-details\">\n                        \n<h2 class=\"mphb-room-type-title entry-title\">\n\n<a class=\"mphb-room-type-title\" href=\"https:\/\/www.bbilgiardinetto.com\/en\/accommodation\/single-with-private-bathroom\/\">Single with private bathroom<\/a>\n\n<\/h2>\n\n<p>Singola con Bagno privato in camera<\/p>\n\n\n<h3 class=\"mphb-room-type-details-title\">Details<\/h3><ul class=\"mphb-loop-room-type-attributes\">\n\t<li class=\"mphb-room-type-total-capacity\"><span class=\"mphb-attribute-title mphb-total-capacity-title\">Guests:<\/span><span class=\"mphb-attribute-value\">\n\t1\n\t<\/span><\/li>\t\n\n\n\n\n\t<li class=\"mphb-room-type-view\"><span class=\"mphb-attribute-title mphb-view-title\">View:<\/span><span class=\"mphb-attribute-value\">\n\tVista citt\u00e0\n\t<\/span><\/li>\n\t\n\n\n\t<li class=\"mphb-room-type-size\"><span class=\"mphb-attribute-title mphb-size-title\">Size:<\/span><span class=\"mphb-attribute-value\">\n\t13m\u00b2\n\t<\/span><\/li>\n\t\n\n\t<li class=\"mphb-room-type-bed-type\"><span  class=\"mphb-attribute-title mphb-bed-type-title\">Bed Type:<\/span><span class=\"mphb-attribute-value\">\n\tLetto Singolo\n\t<\/span><\/li>\n\t\n\n\t<li class=\"mphb-room-type-categories\"><span class=\"mphb-attribute-title mphb-categories-title\">Categories:<\/span><span class=\"mphb-attribute-value\"> <span class=\"category-single-room\"><a href=\"https:\/\/www.bbilgiardinetto.com\/en\/accommodation-category\/single-room\/\">Single<\/a><\/span><\/span><\/li>\n\t\n<li class=\"mphb-room-type-1361 mphb-room-type-custom-attribute\"><span class=\"mphb-attribute-title mphb-1361-title\">Bathroom type:<\/span><span class=\"mphb-attribute-value\"> <span class=\"1361-bathroom-in-the-room\"><a href=\"https:\/\/www.bbilgiardinetto.com\/en\/1361\/bathroom-in-the-room\/\">Bathroom in the room<\/a><\/span><\/span><\/li><li class=\"mphb-room-type-letto-aggiuntivo mphb-room-type-custom-attribute\"><span class=\"mphb-attribute-title mphb-letto-aggiuntivo-title\">Additional bed:<\/span><span class=\"mphb-attribute-value\"> <span class=\"letto-aggiuntivo-no-en\"><a href=\"https:\/\/www.bbilgiardinetto.com\/en\/letto-aggiuntivo\/no-en\/\">No<\/a><\/span><\/span><\/li>\n<\/ul>                    <\/div>\n                                    <div class=\"room-booking-details\">\n                        \n\n<div class=\"mphb-to-book-btn-wrapper\">\n<form action=\"https:\/\/www.bbilgiardinetto.com\/en\/accommodation\/single-with-private-bathroom\/#booking-form-1690\" method=\"get\" ><button type=\"submit\" class=\"button mphb-book-button\" >Book<\/button><\/form>\n<br\/><\/div>\n<p class=\"mphb-view-details-button-wrapper\">\n<a class=\"button mphb-view-details-button\" href=\"https:\/\/www.bbilgiardinetto.com\/en\/accommodation\/single-with-private-bathroom\/\" >View Details<\/a>\n<\/p>                    <\/div>\n                            <\/div>\n        <\/div>\n    \n    \n<\/div>\n\n\n<div class=\"mphb-room-type post-1705 mphb_room_type type-mphb_room_type status-publish has-post-thumbnail mphb_room_type_category-double-bedroom mphb_ra_1361-bathroom-in-the-room mphb_ra_letto-aggiuntivo-yes mphb-room-type-adults-2 mphb-room-type-children-0 has-taxes-and-fees\">\n\n                <div class=\"room-images-wrapper\">\n            \n\n\t<div class=\"mphb-room-type-images\">\n\t<div id='mphb-flexslider-gallery-3' class='gallery-columns-1 gallery-size-luviana-square mphb-gallery-main-slider mphb-flexslider-gallery-wrapper mphb-room-type-gallery-wrapper mphb-gallery-main-slider-69eefeec15c35' data-flexslider-atts='{\"animation\":\"slide\",\"controlNav\":false,\"animationLoop\":true,\"smoothHeight\":true,\"slideshow\":false}' data-group='69eefeec15c35'><ul class=\"slides\"><li class='gallery-item'><span class='gallery-icon portrait'>\n\t\t\t\t<a href=\"https:\/\/www.bbilgiardinetto.com\/en\/accommodation\/double-room-with-private-bathroom\/\"><img loading=\"lazy\" decoding=\"async\" width=\"992\" height=\"992\" src=\"https:\/\/www.bbilgiardinetto.com\/wp-content\/uploads\/2019\/06\/il-giardinetto-civitavecchia-camera-matrimoniale-1-992x992.jpg\" class=\"attachment-luviana-square size-luviana-square\" alt=\"\" srcset=\"https:\/\/www.bbilgiardinetto.com\/wp-content\/uploads\/2019\/06\/il-giardinetto-civitavecchia-camera-matrimoniale-1-992x992.jpg 992w, https:\/\/www.bbilgiardinetto.com\/wp-content\/uploads\/2019\/06\/il-giardinetto-civitavecchia-camera-matrimoniale-1-150x150.jpg 150w\" sizes=\"(max-width: 992px) 100vw, 992px\" \/><\/a>\n\t\t\t<\/span><\/li><li class='gallery-item'><span class='gallery-icon portrait'>\n\t\t\t\t<a href=\"https:\/\/www.bbilgiardinetto.com\/en\/accommodation\/double-room-with-private-bathroom\/\"><img loading=\"lazy\" decoding=\"async\" width=\"992\" height=\"992\" src=\"https:\/\/www.bbilgiardinetto.com\/wp-content\/uploads\/2019\/06\/il-giardinetto-civitavecchia-camera-matrimoniale-bagno-1-992x992.jpg\" class=\"attachment-luviana-square size-luviana-square\" alt=\"\" srcset=\"https:\/\/www.bbilgiardinetto.com\/wp-content\/uploads\/2019\/06\/il-giardinetto-civitavecchia-camera-matrimoniale-bagno-1-992x992.jpg 992w, https:\/\/www.bbilgiardinetto.com\/wp-content\/uploads\/2019\/06\/il-giardinetto-civitavecchia-camera-matrimoniale-bagno-1-150x150.jpg 150w\" sizes=\"(max-width: 992px) 100vw, 992px\" \/><\/a>\n\t\t\t<\/span><\/li><li class='gallery-item'><span class='gallery-icon portrait'>\n\t\t\t\t<a href=\"https:\/\/www.bbilgiardinetto.com\/en\/accommodation\/double-room-with-private-bathroom\/\"><img loading=\"lazy\" decoding=\"async\" width=\"992\" height=\"992\" src=\"https:\/\/www.bbilgiardinetto.com\/wp-content\/uploads\/2019\/06\/il-giardinetto-civitavecchia-camera-matrimoniale-bagno-992x992.jpg\" class=\"attachment-luviana-square size-luviana-square\" alt=\"\" srcset=\"https:\/\/www.bbilgiardinetto.com\/wp-content\/uploads\/2019\/06\/il-giardinetto-civitavecchia-camera-matrimoniale-bagno-992x992.jpg 992w, https:\/\/www.bbilgiardinetto.com\/wp-content\/uploads\/2019\/06\/il-giardinetto-civitavecchia-camera-matrimoniale-bagno-150x150.jpg 150w\" sizes=\"(max-width: 992px) 100vw, 992px\" \/><\/a>\n\t\t\t<\/span><\/li><li class='gallery-item'><span class='gallery-icon landscape'>\n\t\t\t\t<a href=\"https:\/\/www.bbilgiardinetto.com\/en\/accommodation\/double-room-with-private-bathroom\/\"><img loading=\"lazy\" decoding=\"async\" width=\"992\" height=\"680\" src=\"https:\/\/www.bbilgiardinetto.com\/wp-content\/uploads\/2021\/04\/44592983-992x680.jpeg\" class=\"attachment-luviana-square size-luviana-square\" alt=\"\" \/><\/a>\n\t\t\t<\/span><\/li><\/ul>\n\t\t<\/div>\n\n\t<\/div>\n\t        <\/div>\n                <div class=\"room-description-wrapper\">\n            <div class=\"room-description-inner-wrapper\">\n                                    <div class=\"room-details\">\n                        \n<h2 class=\"mphb-room-type-title entry-title\">\n\n<a class=\"mphb-room-type-title\" href=\"https:\/\/www.bbilgiardinetto.com\/en\/accommodation\/double-room-with-private-bathroom\/\">Double room with private bathroom<\/a>\n\n<\/h2>\n\n<p>Camera Matrimoniale con bagno privato interno.<\/p>\n\n\n<h3 class=\"mphb-room-type-details-title\">Details<\/h3><ul class=\"mphb-loop-room-type-attributes\">\n\t<li class=\"mphb-room-type-total-capacity\"><span class=\"mphb-attribute-title mphb-total-capacity-title\">Guests:<\/span><span class=\"mphb-attribute-value\">\n\t2\n\t<\/span><\/li>\t\n\n\n\n\n\t<li class=\"mphb-room-type-view\"><span class=\"mphb-attribute-title mphb-view-title\">View:<\/span><span class=\"mphb-attribute-value\">\n\tVista Giardino\n\t<\/span><\/li>\n\t\n\n\n\t<li class=\"mphb-room-type-size\"><span class=\"mphb-attribute-title mphb-size-title\">Size:<\/span><span class=\"mphb-attribute-value\">\n\t16m\u00b2\n\t<\/span><\/li>\n\t\n\n\t<li class=\"mphb-room-type-bed-type\"><span  class=\"mphb-attribute-title mphb-bed-type-title\">Bed Type:<\/span><span class=\"mphb-attribute-value\">\n\tletto Matrimoniale\n\t<\/span><\/li>\n\t\n\n\t<li class=\"mphb-room-type-categories\"><span class=\"mphb-attribute-title mphb-categories-title\">Categories:<\/span><span class=\"mphb-attribute-value\"> <span class=\"category-double-bedroom\"><a href=\"https:\/\/www.bbilgiardinetto.com\/en\/accommodation-category\/double-bedroom\/\">Double Bedroom<\/a><\/span><\/span><\/li>\n\t\n<li class=\"mphb-room-type-1361 mphb-room-type-custom-attribute\"><span class=\"mphb-attribute-title mphb-1361-title\">Bathroom type:<\/span><span class=\"mphb-attribute-value\"> <span class=\"1361-bathroom-in-the-room\"><a href=\"https:\/\/www.bbilgiardinetto.com\/en\/1361\/bathroom-in-the-room\/\">Bathroom in the room<\/a><\/span><\/span><\/li><li class=\"mphb-room-type-letto-aggiuntivo mphb-room-type-custom-attribute\"><span class=\"mphb-attribute-title mphb-letto-aggiuntivo-title\">Additional bed:<\/span><span class=\"mphb-attribute-value\"> <span class=\"letto-aggiuntivo-yes\"><a href=\"https:\/\/www.bbilgiardinetto.com\/en\/letto-aggiuntivo\/yes\/\">Yes<\/a><\/span><\/span><\/li>\n<\/ul>                    <\/div>\n                                    <div class=\"room-booking-details\">\n                        \n\n<div class=\"mphb-to-book-btn-wrapper\">\n<form action=\"https:\/\/www.bbilgiardinetto.com\/en\/accommodation\/double-room-with-private-bathroom\/#booking-form-1705\" method=\"get\" ><button type=\"submit\" class=\"button mphb-book-button\" >Book<\/button><\/form>\n<br\/><\/div>\n<p class=\"mphb-view-details-button-wrapper\">\n<a class=\"button mphb-view-details-button\" href=\"https:\/\/www.bbilgiardinetto.com\/en\/accommodation\/double-room-with-private-bathroom\/\" >View Details<\/a>\n<\/p>                    <\/div>\n                            <\/div>\n        <\/div>\n    \n    \n<\/div>\n\n\t<\/div>\n\t<\/div>\n\n\n<hr class=\"wp-block-separator is-style-wide\"\/>\n<\/div><\/div><\/div><\/div><\/div>\n","protected":false},"excerpt":{"rendered":"<p>Immerso nel centro di Civitavecchia Il Giardinetto vi offriamo camere curate e pulite dove passare il vostro soggiorno.<\/p>\n","protected":false},"author":1,"featured_media":1526,"parent":0,"menu_order":0,"comment_status":"closed","ping_status":"closed","template":"","meta":{"footnotes":""},"class_list":["post-1518","page","type-page","status-publish","has-post-thumbnail","hentry"],"yoast_head":"<!-- This site is optimized with the Yoast SEO plugin v27.0 - https:\/\/yoast.com\/product\/yoast-seo-wordpress\/ -->\n<title>Dormire in B&amp;B a Civitavecchia - Bed &amp; Breakfast Il Giardinetto<\/title>\n<meta name=\"description\" content=\"Il Giardinetto \u00e8 un Bed &amp; Breakfast a Civitavecchia, con giardino privato per i clienti \u00e8 la struttura giusta per dormire a Civitavecchia.\" \/>\n<meta name=\"robots\" content=\"index, follow, max-snippet:-1, max-image-preview:large, max-video-preview:-1\" \/>\n<link rel=\"canonical\" href=\"https:\/\/www.bbilgiardinetto.com\/en\/bed-breakfast-il-giardinetto\/\" \/>\n<meta property=\"og:locale\" content=\"en_US\" \/>\n<meta property=\"og:type\" content=\"article\" \/>\n<meta property=\"og:title\" content=\"Dormire in B&amp;B a Civitavecchia - Bed &amp; Breakfast Il Giardinetto\" \/>\n<meta property=\"og:description\" content=\"Il Giardinetto \u00e8 un Bed &amp; Breakfast a Civitavecchia, con giardino privato per i clienti \u00e8 la struttura giusta per dormire a Civitavecchia.\" \/>\n<meta property=\"og:url\" content=\"https:\/\/www.bbilgiardinetto.com\/en\/bed-breakfast-il-giardinetto\/\" \/>\n<meta property=\"og:site_name\" content=\"Guest House Il Giardinetto\" \/>\n<meta property=\"article:modified_time\" content=\"2021-07-16T09:36:38+00:00\" \/>\n<meta property=\"og:image\" content=\"https:\/\/www.bbilgiardinetto.com\/wp-content\/uploads\/2021\/04\/il-giardinetto-civitavecchia-esterno-giardino-1.jpg\" \/>\n\t<meta property=\"og:image:width\" content=\"1920\" \/>\n\t<meta property=\"og:image:height\" content=\"681\" \/>\n\t<meta property=\"og:image:type\" content=\"image\/jpeg\" \/>\n<meta name=\"twitter:card\" content=\"summary_large_image\" \/>\n<meta name=\"twitter:label1\" content=\"Est. reading time\" \/>\n\t<meta name=\"twitter:data1\" content=\"3 minutes\" \/>\n<script type=\"application\/ld+json\" class=\"yoast-schema-graph\">{\"@context\":\"https:\/\/schema.org\",\"@graph\":[{\"@type\":\"WebPage\",\"@id\":\"https:\/\/www.bbilgiardinetto.com\/en\/bed-breakfast-il-giardinetto\/\",\"url\":\"https:\/\/www.bbilgiardinetto.com\/en\/bed-breakfast-il-giardinetto\/\",\"name\":\"Dormire in B&B a Civitavecchia - Bed & Breakfast Il Giardinetto\",\"isPartOf\":{\"@id\":\"https:\/\/www.bbilgiardinetto.com\/en\/#website\"},\"primaryImageOfPage\":{\"@id\":\"https:\/\/www.bbilgiardinetto.com\/en\/bed-breakfast-il-giardinetto\/#primaryimage\"},\"image\":{\"@id\":\"https:\/\/www.bbilgiardinetto.com\/en\/bed-breakfast-il-giardinetto\/#primaryimage\"},\"thumbnailUrl\":\"https:\/\/www.bbilgiardinetto.com\/wp-content\/uploads\/2021\/04\/il-giardinetto-civitavecchia-esterno-giardino-1.jpg\",\"datePublished\":\"2021-05-10T08:45:51+00:00\",\"dateModified\":\"2021-07-16T09:36:38+00:00\",\"description\":\"Il Giardinetto \u00e8 un Bed & Breakfast a Civitavecchia, con giardino privato per i clienti \u00e8 la struttura giusta per dormire a Civitavecchia.\",\"breadcrumb\":{\"@id\":\"https:\/\/www.bbilgiardinetto.com\/en\/bed-breakfast-il-giardinetto\/#breadcrumb\"},\"inLanguage\":\"en-US\",\"potentialAction\":[{\"@type\":\"ReadAction\",\"target\":[\"https:\/\/www.bbilgiardinetto.com\/en\/bed-breakfast-il-giardinetto\/\"]}]},{\"@type\":\"ImageObject\",\"inLanguage\":\"en-US\",\"@id\":\"https:\/\/www.bbilgiardinetto.com\/en\/bed-breakfast-il-giardinetto\/#primaryimage\",\"url\":\"https:\/\/www.bbilgiardinetto.com\/wp-content\/uploads\/2021\/04\/il-giardinetto-civitavecchia-esterno-giardino-1.jpg\",\"contentUrl\":\"https:\/\/www.bbilgiardinetto.com\/wp-content\/uploads\/2021\/04\/il-giardinetto-civitavecchia-esterno-giardino-1.jpg\",\"width\":1920,\"height\":681},{\"@type\":\"BreadcrumbList\",\"@id\":\"https:\/\/www.bbilgiardinetto.com\/en\/bed-breakfast-il-giardinetto\/#breadcrumb\",\"itemListElement\":[{\"@type\":\"ListItem\",\"position\":1,\"name\":\"Home\",\"item\":\"https:\/\/www.bbilgiardinetto.com\/en\/\"},{\"@type\":\"ListItem\",\"position\":2,\"name\":\"Bed &#038; Breakfast Il Giardinetto\"}]},{\"@type\":\"WebSite\",\"@id\":\"https:\/\/www.bbilgiardinetto.com\/en\/#website\",\"url\":\"https:\/\/www.bbilgiardinetto.com\/en\/\",\"name\":\"Guest House Il Giardinetto\",\"description\":\"Guest House al centro di Civitavecchia\",\"publisher\":{\"@id\":\"https:\/\/www.bbilgiardinetto.com\/en\/#organization\"},\"potentialAction\":[{\"@type\":\"SearchAction\",\"target\":{\"@type\":\"EntryPoint\",\"urlTemplate\":\"https:\/\/www.bbilgiardinetto.com\/en\/?s={search_term_string}\"},\"query-input\":{\"@type\":\"PropertyValueSpecification\",\"valueRequired\":true,\"valueName\":\"search_term_string\"}}],\"inLanguage\":\"en-US\"},{\"@type\":\"Organization\",\"@id\":\"https:\/\/www.bbilgiardinetto.com\/en\/#organization\",\"name\":\"Lorenzo Toti\",\"url\":\"https:\/\/www.bbilgiardinetto.com\/en\/\",\"logo\":{\"@type\":\"ImageObject\",\"inLanguage\":\"en-US\",\"@id\":\"https:\/\/www.bbilgiardinetto.com\/en\/#\/schema\/logo\/image\/\",\"url\":\"https:\/\/www.bbilgiardinetto.com\/wp-content\/uploads\/2021\/04\/il-giardinetto-civitavecchia-logo-light-1.png\",\"contentUrl\":\"https:\/\/www.bbilgiardinetto.com\/wp-content\/uploads\/2021\/04\/il-giardinetto-civitavecchia-logo-light-1.png\",\"width\":1000,\"height\":393,\"caption\":\"Lorenzo Toti\"},\"image\":{\"@id\":\"https:\/\/www.bbilgiardinetto.com\/en\/#\/schema\/logo\/image\/\"}}]}<\/script>\n<!-- \/ Yoast SEO plugin. -->","yoast_head_json":{"title":"Dormire in B&B a Civitavecchia - Bed & Breakfast Il Giardinetto","description":"Il Giardinetto \u00e8 un Bed & Breakfast a Civitavecchia, con giardino privato per i clienti \u00e8 la struttura giusta per dormire a Civitavecchia.","robots":{"index":"index","follow":"follow","max-snippet":"max-snippet:-1","max-image-preview":"max-image-preview:large","max-video-preview":"max-video-preview:-1"},"canonical":"https:\/\/www.bbilgiardinetto.com\/en\/bed-breakfast-il-giardinetto\/","og_locale":"en_US","og_type":"article","og_title":"Dormire in B&B a Civitavecchia - Bed & Breakfast Il Giardinetto","og_description":"Il Giardinetto \u00e8 un Bed & Breakfast a Civitavecchia, con giardino privato per i clienti \u00e8 la struttura giusta per dormire a Civitavecchia.","og_url":"https:\/\/www.bbilgiardinetto.com\/en\/bed-breakfast-il-giardinetto\/","og_site_name":"Guest House Il Giardinetto","article_modified_time":"2021-07-16T09:36:38+00:00","og_image":[{"width":1920,"height":681,"url":"https:\/\/www.bbilgiardinetto.com\/wp-content\/uploads\/2021\/04\/il-giardinetto-civitavecchia-esterno-giardino-1.jpg","type":"image\/jpeg"}],"twitter_card":"summary_large_image","twitter_misc":{"Est. reading time":"3 minutes"},"schema":{"@context":"https:\/\/schema.org","@graph":[{"@type":"WebPage","@id":"https:\/\/www.bbilgiardinetto.com\/en\/bed-breakfast-il-giardinetto\/","url":"https:\/\/www.bbilgiardinetto.com\/en\/bed-breakfast-il-giardinetto\/","name":"Dormire in B&B a Civitavecchia - Bed & Breakfast Il Giardinetto","isPartOf":{"@id":"https:\/\/www.bbilgiardinetto.com\/en\/#website"},"primaryImageOfPage":{"@id":"https:\/\/www.bbilgiardinetto.com\/en\/bed-breakfast-il-giardinetto\/#primaryimage"},"image":{"@id":"https:\/\/www.bbilgiardinetto.com\/en\/bed-breakfast-il-giardinetto\/#primaryimage"},"thumbnailUrl":"https:\/\/www.bbilgiardinetto.com\/wp-content\/uploads\/2021\/04\/il-giardinetto-civitavecchia-esterno-giardino-1.jpg","datePublished":"2021-05-10T08:45:51+00:00","dateModified":"2021-07-16T09:36:38+00:00","description":"Il Giardinetto \u00e8 un Bed & Breakfast a Civitavecchia, con giardino privato per i clienti \u00e8 la struttura giusta per dormire a Civitavecchia.","breadcrumb":{"@id":"https:\/\/www.bbilgiardinetto.com\/en\/bed-breakfast-il-giardinetto\/#breadcrumb"},"inLanguage":"en-US","potentialAction":[{"@type":"ReadAction","target":["https:\/\/www.bbilgiardinetto.com\/en\/bed-breakfast-il-giardinetto\/"]}]},{"@type":"ImageObject","inLanguage":"en-US","@id":"https:\/\/www.bbilgiardinetto.com\/en\/bed-breakfast-il-giardinetto\/#primaryimage","url":"https:\/\/www.bbilgiardinetto.com\/wp-content\/uploads\/2021\/04\/il-giardinetto-civitavecchia-esterno-giardino-1.jpg","contentUrl":"https:\/\/www.bbilgiardinetto.com\/wp-content\/uploads\/2021\/04\/il-giardinetto-civitavecchia-esterno-giardino-1.jpg","width":1920,"height":681},{"@type":"BreadcrumbList","@id":"https:\/\/www.bbilgiardinetto.com\/en\/bed-breakfast-il-giardinetto\/#breadcrumb","itemListElement":[{"@type":"ListItem","position":1,"name":"Home","item":"https:\/\/www.bbilgiardinetto.com\/en\/"},{"@type":"ListItem","position":2,"name":"Bed &#038; Breakfast Il Giardinetto"}]},{"@type":"WebSite","@id":"https:\/\/www.bbilgiardinetto.com\/en\/#website","url":"https:\/\/www.bbilgiardinetto.com\/en\/","name":"Guest House Il Giardinetto","description":"Guest House al centro di Civitavecchia","publisher":{"@id":"https:\/\/www.bbilgiardinetto.com\/en\/#organization"},"potentialAction":[{"@type":"SearchAction","target":{"@type":"EntryPoint","urlTemplate":"https:\/\/www.bbilgiardinetto.com\/en\/?s={search_term_string}"},"query-input":{"@type":"PropertyValueSpecification","valueRequired":true,"valueName":"search_term_string"}}],"inLanguage":"en-US"},{"@type":"Organization","@id":"https:\/\/www.bbilgiardinetto.com\/en\/#organization","name":"Lorenzo Toti","url":"https:\/\/www.bbilgiardinetto.com\/en\/","logo":{"@type":"ImageObject","inLanguage":"en-US","@id":"https:\/\/www.bbilgiardinetto.com\/en\/#\/schema\/logo\/image\/","url":"https:\/\/www.bbilgiardinetto.com\/wp-content\/uploads\/2021\/04\/il-giardinetto-civitavecchia-logo-light-1.png","contentUrl":"https:\/\/www.bbilgiardinetto.com\/wp-content\/uploads\/2021\/04\/il-giardinetto-civitavecchia-logo-light-1.png","width":1000,"height":393,"caption":"Lorenzo Toti"},"image":{"@id":"https:\/\/www.bbilgiardinetto.com\/en\/#\/schema\/logo\/image\/"}}]}},"_links":{"self":[{"href":"https:\/\/www.bbilgiardinetto.com\/en\/wp-json\/wp\/v2\/pages\/1518","targetHints":{"allow":["GET"]}}],"collection":[{"href":"https:\/\/www.bbilgiardinetto.com\/en\/wp-json\/wp\/v2\/pages"}],"about":[{"href":"https:\/\/www.bbilgiardinetto.com\/en\/wp-json\/wp\/v2\/types\/page"}],"author":[{"embeddable":true,"href":"https:\/\/www.bbilgiardinetto.com\/en\/wp-json\/wp\/v2\/users\/1"}],"replies":[{"embeddable":true,"href":"https:\/\/www.bbilgiardinetto.com\/en\/wp-json\/wp\/v2\/comments?post=1518"}],"version-history":[{"count":9,"href":"https:\/\/www.bbilgiardinetto.com\/en\/wp-json\/wp\/v2\/pages\/1518\/revisions"}],"predecessor-version":[{"id":1844,"href":"https:\/\/www.bbilgiardinetto.com\/en\/wp-json\/wp\/v2\/pages\/1518\/revisions\/1844"}],"wp:featuredmedia":[{"embeddable":true,"href":"https:\/\/www.bbilgiardinetto.com\/en\/wp-json\/wp\/v2\/media\/1526"}],"wp:attachment":[{"href":"https:\/\/www.bbilgiardinetto.com\/en\/wp-json\/wp\/v2\/media?parent=1518"}],"curies":[{"name":"wp","href":"https:\/\/api.w.org\/{rel}","templated":true}]}}